{"id":583,"date":"2023-06-28T12:57:20","date_gmt":"2023-06-28T10:57:20","guid":{"rendered":"https:\/\/mediaclubgreen.dnqclub.com\/?page_id=583"},"modified":"2023-07-18T12:52:20","modified_gmt":"2023-07-18T10:52:20","slug":"formations-green","status":"publish","type":"page","link":"https:\/\/mediaclubgreen.dnqclub.com\/index.php\/formations-green\/","title":{"rendered":"Les formations"},"content":{"rendered":"\n<div class=\"section-wrapper\" data-id=\"nMm5yS\"><section class=\"wp-block-gutenverse-section guten-element guten-section guten-nMm5yS layout-boxed align-stretch\"><div class=\"guten-background-overlay\"><\/div><div class=\"guten-shape-divider guten-shape-divider-top\"><\/div><div class=\"guten-shape-divider guten-shape-divider-bottom\"><\/div><div class=\"guten-container guten-column-gap-default\">\n<div class=\"wp-block-gutenverse-column guten-element guten-column guten-KlQ5C0\" id=\"ENTETE\"><div class=\"guten-background-overlay\"><\/div><div class=\"sticky-wrapper\" data-id=\"KlQ5C0\"><div class=\"guten-column-wrapper\">\n<h2 class=\"wp-block-gutenverse-heading guten-element guten-WEMgIA\">Formez-vous pour un avenir plus responsable<\/h2>\n\n\n\n<div class=\"wp-block-gutenverse-divider guten-element guten-divider guten-k7aDuV\"><div class=\"guten-divider-wrapper\"><div class=\"guten-divider-default guten-divider-line guten-divider-regular\"><\/div><\/div><\/div>\n<\/div><\/div><\/div>\n<\/div><\/section><\/div>\n\n\n\n<div class=\"section-wrapper\" data-id=\"6zcGdq\"><section class=\"wp-block-gutenverse-section guten-element guten-section guten-6zcGdq layout-boxed align-stretch\"><div class=\"guten-background-overlay\"><\/div><div class=\"guten-shape-divider guten-shape-divider-top\"><\/div><div class=\"guten-shape-divider guten-shape-divider-bottom\"><\/div><div class=\"guten-container guten-column-gap-default\">\n<div class=\"wp-block-gutenverse-column guten-element guten-column guten-2At7Dy\"><div class=\"guten-background-overlay\"><\/div><div class=\"sticky-wrapper\" data-id=\"2At7Dy\"><div class=\"guten-column-wrapper\">\n<div class=\"section-wrapper\" data-id=\"A7dqYE\"><section class=\"wp-block-gutenverse-section guten-element guten-section guten-A7dqYE layout-boxed align-stretch\"><div class=\"guten-background-overlay\"><\/div><div class=\"guten-shape-divider guten-shape-divider-top\"><\/div><div class=\"guten-shape-divider guten-shape-divider-bottom\"><\/div><div class=\"guten-container guten-column-gap-no\">\n<div class=\"wp-block-gutenverse-column guten-element guten-column guten-XQcTB9\"><div class=\"guten-background-overlay\"><\/div><div class=\"sticky-wrapper\" data-id=\"XQcTB9\"><div class=\"guten-column-wrapper\">\n<div style=\"height:100px\" aria-hidden=\"true\" class=\"wp-block-spacer\"><\/div>\n\n\n\n<h2 class=\"wp-block-heading is-style-lineseparator has-zeever-primary-color has-text-color\">Formations certifiantes par le CPNEF<\/h2>\n\n\n\n<div class=\"guten-element guten-tabs guten-PCsBDL horizontal\"><div class=\"tab-heading\"><div class=\"tab-heading-item active\" id=\"cKtlmM\" data-id=\"cKtlmM\"><span><strong>D\u00e9ployer une d\u00e9marche \u00e9coresponsable dans sa pratique professionelle<\/strong><\/span><\/div><div class=\"tab-heading-item\" id=\"kMEhDx\" data-id=\"kMEhDx\"><span><strong>\u00c9co-responsabilit\u00e9 en R\u00e9gie et Gestion de Production<\/strong><\/span><\/div><div class=\"tab-heading-item\" id=\"CDh7Pj\" data-id=\"CDh7Pj\"><span><strong>D\u00e9ployer une d\u00e9marche \u00e9coresponsable dans sa pratique professionnelle<\/strong><\/span><\/div><\/div><div class=\"tab-heading-mobile\"><div class=\"tab-title\"><span><strong>D\u00e9ployer une d\u00e9marche \u00e9coresponsable dans sa pratique professionelle<\/strong><\/span><i class=\"tab-dropdown-icon fas\"><\/i><\/div><div class=\"tab-option\"><div data-id=\"cKtlmM\" class=\"tab-option-item active\"><span><strong>D\u00e9ployer une d\u00e9marche \u00e9coresponsable dans sa pratique professionelle<\/strong><\/span><\/div><div data-id=\"kMEhDx\" class=\"tab-option-item\"><span><strong>\u00c9co-responsabilit\u00e9 en R\u00e9gie et Gestion de Production<\/strong><\/span><\/div><div data-id=\"CDh7Pj\" class=\"tab-option-item\"><span><strong>D\u00e9ployer une d\u00e9marche \u00e9coresponsable dans sa pratique professionnelle<\/strong><\/span><\/div><\/div><\/div><div class=\"tab-body\">\n<div class=\"kMEhDx tab-body-item\" data-id=\"kMEhDx\">\n<p>Formation de <strong>CST, l&rsquo;INA avec EcoProd<\/strong> : Soyez acteur de la production \u00e9co-responsable Ma\u00eetriser les pratiques professionnelles \u00e9co-responsables Une formation de la CST, Ecoprod et l\u2019Ina.<\/p>\n\n\n\n<p>Formation de 119H \u00e0 Paris ou \u00e0 Marseille : <a href=\"https:\/\/formation.cst.fr\/eco- responsabilite-en-regie-et-gestion-de-production\/\" target=\"_blank\" rel=\"noreferrer noopener\">voir la formation. <\/a><\/p>\n<\/div>\n\n\n\n<div class=\"CDh7Pj tab-body-item\" data-id=\"CDh7Pj\">\n<p>Formation de <strong>la Fabrique des formats avec EcoProd <\/strong>: L\u2019objectif de la formation est d\u2019accompagner les professionnels et les entreprises dans la mise en place d\u2019une d\u00e9marche \u00e9coresponsable visant \u00e0 une prise de conscience et la mise au point de pratiques plus sobres \u00e9cologiquement. Elle se concentre sur l&rsquo;ensemble de la cha\u00eene de valeur du programme, de la cr\u00e9ation jusqu&rsquo;\u00e0 la diffusion et la rencontre avec le public et permet d&rsquo;impl\u00e9menter une d\u00e9marche \u00e9coresponsable d\u00e8s l&rsquo;\u00e9criture du projet. L&rsquo;enjeu de la formation est la sensibilisation des professionnels ainsi que la diffusion d&rsquo;outils et de bonnes pratiques pour construire l&rsquo;avenir du secteur audiovisuel.<\/p>\n\n\n\n<p>Formation de 84H \u00e0 Paris : <a href=\"https:\/\/lafabriquedesformats.fr\/fr\/deployer-une-demarche- ecoresponsable-dans-sa-pratique-professionnelle\" target=\"_blank\" rel=\"noreferrer noopener\">voir la formation. <\/a><\/p>\n<\/div>\n\n\n\n<div class=\"cKtlmM tab-body-item\" data-id=\"cKtlmM\">\n<p>Formation de <strong>Travelling et France TV Studio<\/strong> : Cette formation a pour objectif de pr\u00e9parer chaque participant \u00e0 accompagner les productions audiovisuelles dans leur transition \u00e9cologique et limiter leurs impacts. Elle a ainsi pour but d\u2019impliquer l\u2019ensemble des acteurs du secteur dans une d\u00e9marche d\u2019\u00e9co management en leur apportant les outils et m\u00e9thodes pour agir.<\/p>\n\n\n\n<p>Formation de 56H \u00e0 Montpellier : <a rel=\"noreferrer noopener\" href=\"https:\/\/travelling-pro.com\/formation-demarche-ecoresponsable\/\" target=\"_blank\">voir la formation.<\/a><\/p>\n<\/div>\n<\/div><\/div>\n\n\n\n<div class=\"guten-element guten-tabs guten-DvJp35 horizontal\"><div class=\"tab-heading\"><div class=\"tab-heading-item active\" id=\"cKtlmM\" data-id=\"cKtlmM\"><span><strong>D\u00e9ployer une d\u00e9marche \u00e9coresponsable dans sa pratique professionnelle au sein de la production audiovisuelle et cin\u00e9ma<\/strong><\/span><\/div><div class=\"tab-heading-item\" id=\"kMEhDx\" data-id=\"kMEhDx\"><span><strong>CCP : d\u00e9ployer une d\u00e9marche \u00e9co-responsable<\/strong><\/span><\/div><div class=\"tab-heading-item\" id=\"CDh7Pj\" data-id=\"CDh7Pj\"><span><strong>D\u00e9ployer une d\u00e9marche \u00e9coresponssable sur un tournage<\/strong><\/span><\/div><\/div><div class=\"tab-heading-mobile\"><div class=\"tab-title\"><span><strong>D\u00e9ployer une d\u00e9marche \u00e9coresponsable dans sa pratique professionnelle au sein de la production audiovisuelle et cin\u00e9ma<\/strong><\/span><i class=\"tab-dropdown-icon fas\"><\/i><\/div><div class=\"tab-option\"><div data-id=\"cKtlmM\" class=\"tab-option-item active\"><span><strong>D\u00e9ployer une d\u00e9marche \u00e9coresponsable dans sa pratique professionnelle au sein de la production audiovisuelle et cin\u00e9ma<\/strong><\/span><\/div><div data-id=\"kMEhDx\" class=\"tab-option-item\"><span><strong>CCP : d\u00e9ployer une d\u00e9marche \u00e9co-responsable<\/strong><\/span><\/div><div data-id=\"CDh7Pj\" class=\"tab-option-item\"><span><strong>D\u00e9ployer une d\u00e9marche \u00e9coresponssable sur un tournage<\/strong><\/span><\/div><\/div><\/div><div class=\"tab-body\">\n<div class=\"kMEhDx tab-body-item\" data-id=\"kMEhDx\">\n<p>Formation de <strong>The Media Faculty <\/strong>: Int\u00e9grer le d\u00e9veloppement durable dans son projet audiovisuel ou cin\u00e9matographique Conna\u00eetre les enjeux et b\u00e9n\u00e9fices de l\u2019\u00e9coproduction Acqu\u00e9rir les notions et aspects sociaux sp\u00e9cifiques au secteur audiovisuel Ma\u00eetrise des outils de pilotage de l\u2019\u00e9coproduction Mettre en place une d\u00e9marche de d\u00e9veloppement durable au sein d\u2019une production et sur les tournages.<\/p>\n\n\n\n<p>Formation de 56H \u00e0 Paris : <a href=\"https:\/\/themediafaculty.com \/2023\/02\/07\/cat-production-eco-responsable-2-2\/\" target=\"_blank\" rel=\"noreferrer noopener\">voir la formation. <\/a><\/p>\n<\/div>\n\n\n\n<div class=\"CDh7Pj tab-body-item\" data-id=\"CDh7Pj\">\n<p>Formation de <strong>la Cin\u00e9 Fabrique<\/strong> : La formation pr\u00e9pare \u00e0 l\u2019examen du CCP \u00ab D\u00e9ployer une d\u00e9marche \u00e9coresponsable dans sa pratique professionnelle au sein de la production audiovisuelle et cin\u00e9ma \u00bb de la CPNEF de l\u2019audiovisuel. Elle vise \u00e0 apporter des outils et des rep\u00e8res aux professionnel\u00b7les, pour engager un questionnement et mettre en \u0153uvre de nouvelles pratiques.<\/p>\n\n\n\n<p>Formation de 70H \u00e0 Lyon : <a href=\"https:\/\/cinefabrique.fr\/formations \/formation-continue\/deployer-une-demarche- ecoresponsable-sur-un-plateau\/\" target=\"_blank\" rel=\"noreferrer noopener\">voir la formation. <\/a><\/p>\n<\/div>\n\n\n\n<div class=\"cKtlmM tab-body-item\" data-id=\"cKtlmM\">\n<p>Formation d&rsquo;<strong>Illusion et Macadam<\/strong> : <strong> <\/strong>D\u00e9finir une strat\u00e9gie \u00e9coresponsable dans l\u2019audiovisuel et le cin\u00e9ma <br>Organiser et mettre en \u0153uvre une d\u00e9marche \u00e9coresponsable <br>Accompagner les \u00e9quipes et organisations dans leur d\u00e9veloppement \u00e9coresponsable.<\/p>\n\n\n\n<p>Formation de 85H \u00e0 Montpellier : <a href=\"https:\/\/www.illusion-macadam.coop\/ecoproduction\" target=\"_blank\" rel=\"noreferrer noopener\">voir la formation.<\/a><\/p>\n<\/div>\n\n\n\n<div class=\"tab-body-item\">\n<p><\/p>\n<\/div>\n<\/div><\/div>\n\n\n\n<h2 class=\"wp-block-heading is-style-lineseparator has-zeever-primary-color has-text-color\">Formations non certifiantes par le CPNEF<\/h2>\n\n\n\n<div class=\"guten-element guten-tabs guten-c8llGY horizontal\"><div class=\"tab-heading\"><div class=\"tab-heading-item active\" id=\"FFq87F\" data-id=\"FFq87F\"><span><strong>CAT : Production \u00e9co-responsable<\/strong><\/span><\/div><div class=\"tab-heading-item\" id=\"6cCloz\" data-id=\"6cCloz\"><span><strong>Formations Filmer le durable<\/strong><\/span><\/div><div class=\"tab-heading-item\" id=\"GQYZwo\" data-id=\"GQYZwo\"><span><strong>Comment prendre le virage de l\u2019\u00e9co-production ?<\/strong><\/span><\/div><div class=\"tab-heading-item\" id=\"r2zZnY\" data-id=\"r2zZnY\"><span><strong>Formations propos\u00e9es par Carbone 4<\/strong><\/span><\/div><\/div><div class=\"tab-heading-mobile\"><div class=\"tab-title\"><span><strong>CAT : Production \u00e9co-responsable<\/strong><\/span><i class=\"tab-dropdown-icon fas\"><\/i><\/div><div class=\"tab-option\"><div data-id=\"FFq87F\" class=\"tab-option-item active\"><span><strong>CAT : Production \u00e9co-responsable<\/strong><\/span><\/div><div data-id=\"6cCloz\" class=\"tab-option-item\"><span><strong>Formations Filmer le durable<\/strong><\/span><\/div><div data-id=\"GQYZwo\" class=\"tab-option-item\"><span><strong>Comment prendre le virage de l\u2019\u00e9co-production ?<\/strong><\/span><\/div><div data-id=\"r2zZnY\" class=\"tab-option-item\"><span><strong>Formations propos\u00e9es par Carbone 4<\/strong><\/span><\/div><\/div><\/div><div class=\"tab-body\">\n<div class=\"FFq87F tab-body-item\" data-id=\"FFq87F\">\n<p>Formation de <strong>The Media Faculty <\/strong>: trois jours pour int\u00e9grer le d\u00e9veloppement durable dans son projet audiovisuel ou cin\u00e9matographique.<\/p>\n\n\n\n<p>21H de formation, \u00e0 Paris : <a href=\"https:\/\/themediafaculty.com\/2021\/11\/15\/cat-production-eco-responsable\/\" target=\"_blank\" rel=\"noreferrer noopener\">voir la formation<\/a><\/p>\n<\/div>\n\n\n\n<div class=\"6cCloz tab-body-item\" data-id=\"6cCloz\">\n<p>Formation de <strong>Calista FIlm<\/strong> : La prise de conscience de l\u2019urgence climatique et du changement n\u00e9cessaire des repr\u00e9sentations (inclusion, diversit\u00e9) s\u2019acc\u00e9l\u00e8re dans le secteur audiovisuel.<\/p>\n\n\n\n<p>2H de formation ou sur un semestre, Paris ou en ligne : <a href=\"http:\/\/calista-films.com\/formation-filmer-le-durable.html\" target=\"_blank\" rel=\"noreferrer noopener\">voir la formation<\/a><\/p>\n<\/div>\n\n\n\n<div class=\"GQYZwo tab-body-item\" data-id=\"GQYZwo\">\n<p>Formation en <strong>ligne<\/strong> <strong>de l&rsquo;UNION des marques<\/strong> : Cette formation initie les participants aux enjeux de l&rsquo;\u00e9co-production, les forme sur la mesure et la r\u00e9duction de l&#8217;empreinte carbone de leurs productions audiovisuelles, et encourage des actions concr\u00e8tes via des programmes op\u00e9rationnels.<\/p>\n\n\n\n<p><a href=\"https:\/\/uniondesmarques.fr\/meetings-detail-page\/2087\/formation-a-distance-comment- prendre-le-virage-de-l-eco-production#nav-meeting\" target=\"_blank\" rel=\"noreferrer noopener\">Voir la formation.<\/a><\/p>\n<\/div>\n\n\n\n<div class=\"r2zZnY tab-body-item\" data-id=\"r2zZnY\">\n<p><span style=\"text-decoration: underline;\">Construire sa feuille de route : d\u00e9carbonation et strat\u00e9gie climat<\/span> : <\/p>\n\n\n\n<ul class=\"wp-block-list\">\n<li>Formation en <strong>ligne de 18H.<\/strong> Conna\u00eetre les d\u00e9fis des entreprises face au changement climatique et \u00eatre capable de vous poser les bonnes questions pour engager une d\u00e9marche transformative au sein de votre organisation. <a rel=\"noreferrer noopener\" href=\"https:\/\/www.carbone4.com\/training\/climate-and-companies\" target=\"_blank\">Voir la formation<\/a>.<\/li>\n<\/ul>\n\n\n\n<p><span style=\"text-decoration: underline;\">Mesurer l&#8217;empreinte carbone de son organisation<\/span> :<\/p>\n\n\n\n<ul class=\"wp-block-list\">\n<li>Formation en <strong>ligne de 16H.<\/strong> Comprendre les enjeux li\u00e9s \u00e0 l\u2019empreinte carbone de votre organisation Ma\u00eetriser les notions et la m\u00e9thode de r\u00e9alisation de l&#8217;empreinte carbone de votre entreprise Etre capable de r\u00e9aliser en autonomie une empreinte carbone simple ou de participer \u00e0 un projet d\u2019empreinte carbone Pouvoir suivre, piloter et articuler une strat\u00e9gie de r\u00e9duction des \u00e9missions de votre organisation en s&rsquo;appuyant sur l&#8217;empreinte carbone. <a href=\"https:\/\/www.carbone4.com\/training\/carbon-footprint\" target=\"_blank\" rel=\"noreferrer noopener\">Voir la formation.<\/a><\/li>\n<\/ul>\n\n\n\n<p><span style=\"text-decoration: underline;\">Adapter son organisation au changement climatique (m\u00e9thode Ocara*)<\/span> : <\/p>\n\n\n\n<ul class=\"wp-block-list\">\n<li>Formation en<strong> ligne de 15H. <\/strong>Int\u00e9grez les enjeux d\u2019adaptation des entreprises sur leur cha\u00eene de valeur face aux impacts physiques du changement climatique. Maitrisez l\u2019analyse op\u00e9rationnelle de la r\u00e9silience climatique de votre entreprise, et mettez en \u0153uvre un plan d&rsquo;adaptation avec la m\u00e9thodologie OCARA d\u00e9velopp\u00e9e par Carbone 4.<a href=\"https:\/\/www.carbone4.com\/training\/business-climate-resilience-OCARA\" target=\"_blank\" rel=\"noreferrer noopener\"> Voir la formation.<\/a><\/li>\n<\/ul>\n\n\n\n<p><span style=\"text-decoration: underline;\">Devenir un expert financier du climat : Climat, Finance, Taxonomie, R\u00e9glementation<\/span> : <\/p>\n\n\n\n<ul class=\"wp-block-list\">\n<li>Formation en <strong>ligne de 20H. <\/strong>La formation sert \u00e0 obtenir un panorama exhaustif des risques et opportunit\u00e9s li\u00e9s au climat pour les acteurs financiers, \u00e0 vous conformer aux nouvelles lois et r\u00e9glementations climatiques qui s&rsquo;appliquent \u00e0 votre institution financi\u00e8re,  \u00e0 mesurer et suivre les principaux indicateurs climatiques pour garantir que votre portefeuille contribue \u00e0 la neutralit\u00e9 carbone, \u00e0 int\u00e9grer des instruments d&rsquo;investissement\/de financement pour le climat pour une strat\u00e9gie align\u00e9e avec l&rsquo;Accord de Paris. <a href=\"https:\/\/www.carbone4.com\/training\/climate-and-finance\" data-type=\"URL\" data-id=\"https:\/\/www.carbone4.com\/training\/climate-and-finance\" target=\"_blank\" rel=\"noreferrer noopener\">Voir la formation. <\/a><\/li>\n<\/ul>\n<\/div>\n<\/div><\/div>\n<\/div><\/div><\/div>\n<\/div><\/section><\/div>\n<\/div><\/div><\/div>\n<\/div><\/section><\/div>\n","protected":false},"excerpt":{"rendered":"","protected":false},"author":2,"featured_media":0,"parent":0,"menu_order":0,"comment_status":"closed","ping_status":"closed","template":"","meta":{"footnotes":""},"class_list":["post-583","page","type-page","status-publish","hentry"],"_links":{"self":[{"href":"https:\/\/mediaclubgreen.dnqclub.com\/index.php\/wp-json\/wp\/v2\/pages\/583","targetHints":{"allow":["GET"]}}],"collection":[{"href":"https:\/\/mediaclubgreen.dnqclub.com\/index.php\/wp-json\/wp\/v2\/pages"}],"about":[{"href":"https:\/\/mediaclubgreen.dnqclub.com\/index.php\/wp-json\/wp\/v2\/types\/page"}],"author":[{"embeddable":true,"href":"https:\/\/mediaclubgreen.dnqclub.com\/index.php\/wp-json\/wp\/v2\/users\/2"}],"replies":[{"embeddable":true,"href":"https:\/\/mediaclubgreen.dnqclub.com\/index.php\/wp-json\/wp\/v2\/comments?post=583"}],"version-history":[{"count":6,"href":"https:\/\/mediaclubgreen.dnqclub.com\/index.php\/wp-json\/wp\/v2\/pages\/583\/revisions"}],"predecessor-version":[{"id":690,"href":"https:\/\/mediaclubgreen.dnqclub.com\/index.php\/wp-json\/wp\/v2\/pages\/583\/revisions\/690"}],"wp:attachment":[{"href":"https:\/\/mediaclubgreen.dnqclub.com\/index.php\/wp-json\/wp\/v2\/media?parent=583"}],"curies":[{"name":"wp","href":"https:\/\/api.w.org\/{rel}","templated":true}]}}